{"id":44,"date":"2023-12-27T09:57:45","date_gmt":"2023-12-27T09:57:45","guid":{"rendered":"https:\/\/andersabielsko.pl\/?page_id=44"},"modified":"2025-05-27T08:04:50","modified_gmt":"2025-05-27T08:04:50","slug":"home","status":"publish","type":"page","link":"https:\/\/andersabielsko.pl\/","title":{"rendered":"Home"},"content":{"rendered":"<p>[et_pb_section fb_built=&#8221;1&#8243; admin_label=&#8221;Header&#8221; _builder_version=&#8221;4.22.0&#8243; _module_preset=&#8221;default&#8221; background_color=&#8221;gcid-a8e26c5e-4ea4-44b2-8a39-bb865eba3c3e&#8221; collapsed=&#8221;on&#8221; global_colors_info=&#8221;{%22gcid-a8e26c5e-4ea4-44b2-8a39-bb865eba3c3e%22:%91%22background_color%22%93}&#8221;][et_pb_row column_structure=&#8221;3_5,2_5&#8243; make_equal=&#8221;on&#8221; _builder_version=&#8221;4.23.3&#8243; _module_preset=&#8221;default&#8221; hover_enabled=&#8221;0&#8243; global_colors_info=&#8221;{}&#8221; sticky_enabled=&#8221;0&#8243;][et_pb_column type=&#8221;3_5&#8243; _builder_version=&#8221;4.22.0&#8243; _module_preset=&#8221;default&#8221; global_colors_info=&#8221;{}&#8221;][et_pb_text _builder_version=&#8221;4.23.3&#8243; _module_preset=&#8221;3d639bb8-4bdb-4a94-b542-9635b1a67d47&#8243; header_4_text_color=&#8221;#FFFFFF&#8221; global_colors_info=&#8221;{}&#8221;]<\/p>\n<h4>Twoje miejsce w sercu miasta<\/h4>\n<p>[\/et_pb_text][et_pb_text _builder_version=&#8221;4.23.3&#8243; _module_preset=&#8221;e3d333fc-1575-4758-9290-3683a751c22a&#8221; header_text_color=&#8221;#FFFFFF&#8221; global_colors_info=&#8221;{}&#8221;]<\/p>\n<h1>Andersa Bielsko<\/h1>\n<p>[\/et_pb_text][et_pb_text _builder_version=&#8221;4.27.4&#8243; _module_preset=&#8221;6fc4f691-d649-4077-a289-400e05b4025a&#8221; text_text_color=&#8221;#FFFFFF&#8221; hover_enabled=&#8221;0&#8243; global_colors_info=&#8221;{}&#8221; sticky_enabled=&#8221;0&#8243;]<\/p>\n<p><strong>DZIA\u0141KA INWESTYCYJNA NA SPRZEDA\u017b \u2013 BIELSKO-BIA\u0141A, UL. ANDERSA<\/strong><\/p>\n<p>Cena: 1 350 000 z\u0142 (ok. 580 z\u0142\/m\u00b2)<\/p>\n<p><strong>Powierzchnia: 2 326 m\u00b2<\/strong><\/p>\n<p>Warunki zabudowy: wydane \u2013 gotowe do realizacji inwestycji, mo\u017cliwe wydanie innych warunk\u00f3w, dwa typy inwestycji by\u0142y uzgadniane na tej dzia\u0142ce. Szczeg\u00f3\u0142y w linku !<\/p>\n<p><strong>IDEALNA LOKALIZACJA DLA BIZNESU!<\/strong><\/p>\n<p>Nieruchomo\u015b\u0107 gruntowa po\u0142o\u017cona w doskona\u0142ej lokalizacji \u2013 przy Alei gen. W\u0142adys\u0142awa Andersa w Bielsku-Bia\u0142ej, w pobli\u017cu g\u0142\u00f3wnego skrzy\u017cowania i centrum handlowego Gemini Park.<\/p>\n<p><strong>WARUNKI ZABUDOWY \u2013 INWESTYCJA GOTOWA DO STARTU<\/strong><\/p>\n<p>Budowa zespo\u0142u 4 budynk\u00f3w us\u0142ugowo-handlowo-biurowych w zabudowie modu\u0142owej<\/p>\n<p><strong>Dopuszczalne funkcje:<\/strong><\/p>\n<p>\u2022 biura<\/p>\n<p>\u2022 gabinety lekarskie i kosmetyczne<\/p>\n<p>\u2022 handel detaliczny<\/p>\n<p>\u2022 gastronomia<\/p>\n<p><strong>PARAMETRY ZABUDOWY:<\/strong><\/p>\n<p>\u2022 Wysoko\u015b\u0107: od 1 do 4 kondygnacji (3,0 m \u2013 13,0 m)<\/p>\n<p>\u2022 Powierzchnia zabudowy: od 16,7% do 33,4% (ok. 400 m\u00b2 \u2013 1080 m\u00b2)<\/p>\n<p>\u2022 Powierzchnia biologicznie czynna: min. 40%<\/p>\n<p>\u2022 Szeroko\u015b\u0107 elewacji frontowej budynk\u00f3w: 9,5\u201318,0 m<\/p>\n<p>\u2022 Mo\u017cliwo\u015b\u0107 etapowania budowy i realizacji mniejszych jednostek<\/p>\n<p><strong>DOSKONA\u0141Y DOST\u0118P KOMUNIKACYJNY<\/strong><\/p>\n<p>\u2022 Bezpo\u015bredni zjazd z ul. Andersa oraz ul. Kustronia<\/p>\n<p>\u2022 Uzgodnione w\u0142\u0105czenie do drogi publicznej \u2013 s\u0142u\u017cebno\u015b\u0107 przejazdu<\/p>\n<p>\u2022 Teren skomunikowany z g\u0142\u00f3wnymi trasami wylotowymi i \u015bcis\u0142ym centrum<\/p>\n<p><strong>MEDIA W DRODZE<\/strong><\/p>\n<p>\u2022 Przez dzia\u0142k\u0119 przebiega magistrala wodoci\u0105gowa DN1000 (mapa)<\/p>\n<p>\u2022 Kanalizacja, pr\u0105d, gaz, ciep\u0142o \u2013 zapewnione warunki przy\u0142\u0105czeniowe<\/p>\n<p>\u2022 Wymagana gospodarka odpadami zgodnie z przepisami<\/p>\n<p><strong>DODATKOWE INFORMACJE:<\/strong><\/p>\n<p>\u2022 Brak MPZP \u2013 decyzja o warunkach zabudowy z 2023 roku<\/p>\n<p>\u2022 Pe\u0142na dokumentacja dost\u0119pna mailowo na \u017cyczenie<\/p>\n<p>\u2022 Oferta bez po\u015brednik\u00f3w \u2013 sprzeda\u017c bezpo\u015brednia od w\u0142a\u015bciciela, na umow\u0119 kupna sprzeda\u017cy \u2013 bez VAT<\/p>\n<p>\u2022 Mo\u017cliwo\u015b\u0107 przyj\u0119cia innej nieruchomo\u015bci w rozliczeniu<\/p>\n<p>Skontaktuj si\u0119 z nami, by pozna\u0107 wi\u0119cej szczeg\u00f3\u0142\u00f3w i um\u00f3wi\u0107 si\u0119 na prezentacj\u0119.<\/p>\n<p>Ta dzia\u0142ka to pewna i przysz\u0142o\u015bciowa inwestycja w dynamicznie rozwijaj\u0105cej si\u0119 cz\u0119\u015bci Bielska-Bia\u0142ej.<\/p>\n<p>&nbsp;<\/p>\n<p>[\/et_pb_text][\/et_pb_column][et_pb_column type=&#8221;2_5&#8243; _builder_version=&#8221;4.23.3&#8243; _module_preset=&#8221;default&#8221; background_image=&#8221;https:\/\/andersabielsko.pl\/wp-content\/uploads\/2023\/12\/Widok2_dzien-scaled.jpg&#8221; global_colors_info=&#8221;{}&#8221;][et_pb_divider show_divider=&#8221;off&#8221; _builder_version=&#8221;4.22.0&#8243; _module_preset=&#8221;default&#8221; height_tablet=&#8221;40vw&#8221; height_phone=&#8221;40vw&#8221; height_last_edited=&#8221;on|tablet&#8221; global_colors_info=&#8221;{}&#8221;][\/et_pb_divider][\/et_pb_column][\/et_pb_row][\/et_pb_section][et_pb_section fb_built=&#8221;1&#8243; admin_label=&#8221;Mission&#8221; _builder_version=&#8221;4.22.0&#8243; _module_preset=&#8221;default&#8221; collapsed=&#8221;on&#8221; global_colors_info=&#8221;{}&#8221;][et_pb_row _builder_version=&#8221;4.23.3&#8243; _module_preset=&#8221;default&#8221; global_colors_info=&#8221;{}&#8221;][et_pb_column type=&#8221;4_4&#8243; _builder_version=&#8221;4.23.3&#8243; _module_preset=&#8221;default&#8221; global_colors_info=&#8221;{}&#8221;][et_pb_image src=&#8221;https:\/\/andersabielsko.pl\/wp-content\/uploads\/2024\/02\/andersa-baner-dzialka-popr.jpg&#8221; title_text=&#8221;andersa baner dzia\u0142ka popr.&#8221; _builder_version=&#8221;4.23.3&#8243; _module_preset=&#8221;default&#8221; global_colors_info=&#8221;{}&#8221;][\/et_pb_image][\/et_pb_column][\/et_pb_row][et_pb_row _builder_version=&#8221;4.23.3&#8243; _module_preset=&#8221;default&#8221; global_colors_info=&#8221;{}&#8221;][et_pb_column type=&#8221;4_4&#8243; _builder_version=&#8221;4.23.3&#8243; _module_preset=&#8221;default&#8221; global_colors_info=&#8221;{}&#8221;][et_pb_gallery gallery_ids=&#8221;133,131,129,128,130,132&#8243; posts_number=&#8221;20&#8243; show_title_and_caption=&#8221;off&#8221; show_pagination=&#8221;off&#8221; _builder_version=&#8221;4.24.2&#8243; _module_preset=&#8221;default&#8221; global_colors_info=&#8221;{}&#8221;][\/et_pb_gallery][\/et_pb_column][\/et_pb_row][et_pb_row _builder_version=&#8221;4.23.3&#8243; _module_preset=&#8221;default&#8221; global_colors_info=&#8221;{}&#8221;][et_pb_column type=&#8221;4_4&#8243; _builder_version=&#8221;4.23.3&#8243; _module_preset=&#8221;default&#8221; global_colors_info=&#8221;{}&#8221;][et_pb_text _builder_version=&#8221;4.23.3&#8243; _module_preset=&#8221;default&#8221; global_colors_info=&#8221;{}&#8221;]<\/p>\n<h2 style=\"text-align: center;\"><a href=\"https:\/\/andersabielsko.pl\/wp-content\/uploads\/2024\/02\/UA_6730_370_2022_projekt_decyzjiWZiZT_a.pdf\" target=\"_blank\" rel=\"noopener\"><strong>Warunki zabudowy i zagospodarowania terenu<\/strong><\/a><\/h2>\n<p style=\"text-align: center;\"><a href=\"https:\/\/andersabielsko.pl\/wp-content\/uploads\/2024\/02\/UA_6730_370_2022_projekt_decyzjiWZiZT_a.pdf\" target=\"_blank\" rel=\"noopener\"><strong>kliknij: tutaj<\/strong><\/a><\/p>\n<p>[\/et_pb_text][\/et_pb_column][\/et_pb_row][et_pb_row column_structure=&#8221;3_5,2_5&#8243; _builder_version=&#8221;4.22.0&#8243; _module_preset=&#8221;default&#8221; global_colors_info=&#8221;{}&#8221;][et_pb_column type=&#8221;3_5&#8243; _builder_version=&#8221;4.22.0&#8243; _module_preset=&#8221;default&#8221; global_colors_info=&#8221;{}&#8221;][et_pb_image src=&#8221;https:\/\/andersabielsko.pl\/wp-content\/uploads\/2023\/12\/Widok1_dzien-scaled.jpg&#8221; title_text=&#8221;Widok1_dzien&#8221; show_in_lightbox=&#8221;on&#8221; _builder_version=&#8221;4.23.3&#8243; _module_preset=&#8221;default&#8221; global_colors_info=&#8221;{}&#8221;][\/et_pb_image][\/et_pb_column][et_pb_column type=&#8221;2_5&#8243; _builder_version=&#8221;4.22.0&#8243; _module_preset=&#8221;default&#8221; global_colors_info=&#8221;{}&#8221;][et_pb_image src=&#8221;https:\/\/andersabielsko.pl\/wp-content\/uploads\/2023\/12\/Widok1_noc-scaled.jpg&#8221; title_text=&#8221;Widok1_noc&#8221; show_in_lightbox=&#8221;on&#8221; _builder_version=&#8221;4.23.3&#8243; _module_preset=&#8221;default&#8221; global_colors_info=&#8221;{}&#8221;][\/et_pb_image][\/et_pb_column][\/et_pb_row][et_pb_row column_structure=&#8221;1_3,2_3&#8243; _builder_version=&#8221;4.22.0&#8243; _module_preset=&#8221;default&#8221; global_colors_info=&#8221;{}&#8221;][et_pb_column type=&#8221;1_3&#8243; _builder_version=&#8221;4.22.0&#8243; _module_preset=&#8221;default&#8221; global_colors_info=&#8221;{}&#8221;][et_pb_image src=&#8221;https:\/\/andersabielsko.pl\/wp-content\/uploads\/2023\/12\/Widok4_noc-scaled.jpg&#8221; title_text=&#8221;Widok4_noc&#8221; show_in_lightbox=&#8221;on&#8221; _builder_version=&#8221;4.23.3&#8243; _module_preset=&#8221;default&#8221; global_colors_info=&#8221;{}&#8221;][\/et_pb_image][\/et_pb_column][et_pb_column type=&#8221;2_3&#8243; _builder_version=&#8221;4.22.0&#8243; _module_preset=&#8221;default&#8221; global_colors_info=&#8221;{}&#8221;][et_pb_image src=&#8221;https:\/\/andersabielsko.pl\/wp-content\/uploads\/2023\/12\/Widok3_dzien-scaled.jpg&#8221; title_text=&#8221;Widok3_dzien&#8221; show_in_lightbox=&#8221;on&#8221; _builder_version=&#8221;4.23.3&#8243; _module_preset=&#8221;default&#8221; global_colors_info=&#8221;{}&#8221;][\/et_pb_image][\/et_pb_column][\/et_pb_row][et_pb_row column_structure=&#8221;3_5,2_5&#8243; _builder_version=&#8221;4.22.0&#8243; _module_preset=&#8221;default&#8221; global_colors_info=&#8221;{}&#8221;][et_pb_column type=&#8221;3_5&#8243; _builder_version=&#8221;4.22.0&#8243; _module_preset=&#8221;default&#8221; global_colors_info=&#8221;{}&#8221;][et_pb_image src=&#8221;https:\/\/andersabielsko.pl\/wp-content\/uploads\/2023\/12\/Widok5_ZLP-scaled.jpg&#8221; title_text=&#8221;Widok5_ZLP&#8221; show_in_lightbox=&#8221;on&#8221; _builder_version=&#8221;4.23.3&#8243; _module_preset=&#8221;default&#8221; global_colors_info=&#8221;{}&#8221;][\/et_pb_image][\/et_pb_column][et_pb_column type=&#8221;2_5&#8243; _builder_version=&#8221;4.22.0&#8243; _module_preset=&#8221;default&#8221; global_colors_info=&#8221;{}&#8221;][et_pb_image src=&#8221;https:\/\/andersabielsko.pl\/wp-content\/uploads\/2023\/12\/Widok7_ZLP-scaled.jpg&#8221; title_text=&#8221;Widok7_ZLP&#8221; show_in_lightbox=&#8221;on&#8221; _builder_version=&#8221;4.23.3&#8243; _module_preset=&#8221;default&#8221; global_colors_info=&#8221;{}&#8221;][\/et_pb_image][\/et_pb_column][\/et_pb_row][et_pb_row _builder_version=&#8221;4.23.3&#8243; _module_preset=&#8221;default&#8221; global_colors_info=&#8221;{}&#8221;][et_pb_column type=&#8221;4_4&#8243; _builder_version=&#8221;4.23.3&#8243; _module_preset=&#8221;default&#8221; global_colors_info=&#8221;{}&#8221;][et_pb_divider show_divider=&#8221;off&#8221; _builder_version=&#8221;4.23.3&#8243; _module_preset=&#8221;default&#8221; min_height=&#8221;130px&#8221; global_colors_info=&#8221;{}&#8221;][\/et_pb_divider][\/et_pb_column][\/et_pb_row][et_pb_row _builder_version=&#8221;4.23.3&#8243; _module_preset=&#8221;default&#8221; global_colors_info=&#8221;{}&#8221;][et_pb_column type=&#8221;4_4&#8243; _builder_version=&#8221;4.23.3&#8243; _module_preset=&#8221;default&#8221; global_colors_info=&#8221;{}&#8221;][et_pb_text _builder_version=&#8221;4.23.3&#8243; _module_preset=&#8221;default&#8221; global_colors_info=&#8221;{}&#8221;]<\/p>\n<h1 style=\"text-align: center;\"><strong>WIZUALIZACJE<\/strong><\/h1>\n<p style=\"text-align: center;\">(kliknij by otworzy\u0107)<\/p>\n<p>[\/et_pb_text][\/et_pb_column][\/et_pb_row][et_pb_row column_structure=&#8221;1_4,1_4,1_4,1_4&#8243; _builder_version=&#8221;4.23.3&#8243; _module_preset=&#8221;default&#8221; global_colors_info=&#8221;{}&#8221;][et_pb_column type=&#8221;1_4&#8243; _builder_version=&#8221;4.23.3&#8243; _module_preset=&#8221;default&#8221; global_colors_info=&#8221;{}&#8221;][et_pb_image src=&#8221;https:\/\/andersabielsko.pl\/wp-content\/uploads\/2023\/12\/wiz1-copy.jpg&#8221; title_text=&#8221;Model&#8221; url=&#8221;https:\/\/andersabielsko.pl\/wp-content\/uploads\/2023\/12\/2022.11.14_BB_ANDERSA_zal.nr_.1.pdf&#8221; url_new_window=&#8221;on&#8221; _builder_version=&#8221;4.23.3&#8243; _module_preset=&#8221;default&#8221; global_colors_info=&#8221;{}&#8221;][\/et_pb_image][\/et_pb_column][et_pb_column type=&#8221;1_4&#8243; _builder_version=&#8221;4.23.3&#8243; _module_preset=&#8221;default&#8221; global_colors_info=&#8221;{}&#8221;][et_pb_image src=&#8221;https:\/\/andersabielsko.pl\/wp-content\/uploads\/2023\/12\/wiz2-copy.jpg&#8221; title_text=&#8221;Model&#8221; url=&#8221;https:\/\/andersabielsko.pl\/wp-content\/uploads\/2023\/12\/2022.11.14_BB_ANDERSA_zal.nr2_.pdf&#8221; url_new_window=&#8221;on&#8221; _builder_version=&#8221;4.23.3&#8243; _module_preset=&#8221;default&#8221; global_colors_info=&#8221;{}&#8221;][\/et_pb_image][\/et_pb_column][et_pb_column type=&#8221;1_4&#8243; _builder_version=&#8221;4.23.3&#8243; _module_preset=&#8221;default&#8221; global_colors_info=&#8221;{}&#8221;][et_pb_image src=&#8221;https:\/\/andersabielsko.pl\/wp-content\/uploads\/2023\/12\/wiz3-copy.jpg&#8221; title_text=&#8221;wiz3 copy&#8221; url=&#8221;https:\/\/andersabielsko.pl\/wp-content\/uploads\/2023\/12\/BB_ANDERSA_widoki_V02.pdf&#8221; url_new_window=&#8221;on&#8221; _builder_version=&#8221;4.23.3&#8243; _module_preset=&#8221;default&#8221; global_colors_info=&#8221;{}&#8221;][\/et_pb_image][\/et_pb_column][et_pb_column type=&#8221;1_4&#8243; _builder_version=&#8221;4.23.3&#8243; _module_preset=&#8221;default&#8221; global_colors_info=&#8221;{}&#8221;][et_pb_image src=&#8221;https:\/\/andersabielsko.pl\/wp-content\/uploads\/2023\/12\/wiz4-copy.jpg&#8221; title_text=&#8221;wiz4 copy&#8221; url=&#8221;https:\/\/andersabielsko.pl\/wp-content\/uploads\/2023\/12\/BB_ANDERSA_widoki_V03.pdf&#8221; url_new_window=&#8221;on&#8221; _builder_version=&#8221;4.23.3&#8243; _module_preset=&#8221;default&#8221; global_colors_info=&#8221;{}&#8221;][\/et_pb_image][\/et_pb_column][\/et_pb_row][\/et_pb_section][et_pb_section fb_built=&#8221;1&#8243; admin_label=&#8221;Footer&#8221; _builder_version=&#8221;4.22.0&#8243; _module_preset=&#8221;default&#8221; background_color=&#8221;gcid-a8e26c5e-4ea4-44b2-8a39-bb865eba3c3e&#8221; saved_tabs=&#8221;all&#8221; collapsed=&#8221;on&#8221; global_colors_info=&#8221;{%22gcid-a8e26c5e-4ea4-44b2-8a39-bb865eba3c3e%22:%91%22background_color%22%93}&#8221;][et_pb_row column_structure=&#8221;3_5,2_5&#8243; _builder_version=&#8221;4.22.0&#8243; _module_preset=&#8221;default&#8221; global_colors_info=&#8221;{}&#8221;][et_pb_column type=&#8221;3_5&#8243; _builder_version=&#8221;4.22.0&#8243; _module_preset=&#8221;default&#8221; global_colors_info=&#8221;{}&#8221;][et_pb_text _builder_version=&#8221;4.23.3&#8243; _module_preset=&#8221;3d639bb8-4bdb-4a94-b542-9635b1a67d47&#8243; header_4_text_color=&#8221;#FFFFFF&#8221; global_colors_info=&#8221;{}&#8221;][\/et_pb_text][et_pb_text _builder_version=&#8221;4.23.3&#8243; _module_preset=&#8221;f0a47bb2-b4a4-4ff9-9cc2-c8ea69b17cf5&#8243; header_2_text_color=&#8221;#FFFFFF&#8221; custom_margin=&#8221;||10px||false|false&#8221; global_colors_info=&#8221;{}&#8221;]<\/p>\n<h2>Dowiedz si\u0119 wi\u0119cej!<\/h2>\n<p>[\/et_pb_text][\/et_pb_column][et_pb_column type=&#8221;2_5&#8243; _builder_version=&#8221;4.22.0&#8243; _module_preset=&#8221;default&#8221; global_colors_info=&#8221;{}&#8221;][\/et_pb_column][\/et_pb_row][et_pb_row column_structure=&#8221;1_2,1_4,1_4&#8243; _builder_version=&#8221;4.22.0&#8243; _module_preset=&#8221;default&#8221; border_color_all=&#8221;gcid-d5e9010f-34b8-49e9-afee-48227f944f94&#8243; border_width_top=&#8221;1px&#8221; border_width_bottom=&#8221;1px&#8221; global_colors_info=&#8221;{%22gcid-d5e9010f-34b8-49e9-afee-48227f944f94%22:%91%22border_color_all%22%93}&#8221;][et_pb_column type=&#8221;1_2&#8243; _builder_version=&#8221;4.22.0&#8243; _module_preset=&#8221;default&#8221; global_colors_info=&#8221;{}&#8221;][et_pb_text _builder_version=&#8221;4.23.3&#8243; _module_preset=&#8221;6fc4f691-d649-4077-a289-400e05b4025a&#8221; text_text_color=&#8221;#FFFFFF&#8221; global_colors_info=&#8221;{}&#8221;]<\/p>\n<p>Dzia\u0142ka z warunkami zabudowy.<br \/>Pow. 2326 mkw<\/p>\n<p>Media w drodze.<\/p>\n<p>Dost\u0119p z drogi publicznej &#8211; Andersa &#8211; pas w\u0142\u0105czania oraz Kustronia<\/p>\n<p>[\/et_pb_text][\/et_pb_column][et_pb_column type=&#8221;1_4&#8243; _builder_version=&#8221;4.22.0&#8243; _module_preset=&#8221;default&#8221; global_colors_info=&#8221;{}&#8221;][et_pb_text _builder_version=&#8221;4.23.3&#8243; _module_preset=&#8221;7e6c8c48-9102-45ce-9c2e-baafb2b8914b&#8221; header_5_text_color=&#8221;#FFFFFF&#8221; custom_margin=&#8221;||10px||false|false&#8221; global_colors_info=&#8221;{}&#8221;]<\/p>\n<h5>Kontakt<\/h5>\n<p>[\/et_pb_text][et_pb_text _builder_version=&#8221;4.24.0&#8243; _module_preset=&#8221;2319c0ac-6fce-4f97-8ee4-cbc8d4970f2d&#8221; text_text_color=&#8221;#FFFFFF&#8221; link_text_color=&#8221;#FFFFFF&#8221; custom_margin=&#8221;||10px||false|false&#8221; global_colors_info=&#8221;{}&#8221;]<\/p>\n<p><span><strong>Telefon kontaktowy:<\/strong><br \/>+48 575 747 967<\/span><\/p>\n<p><strong>Mail<br \/><\/strong><a href=\"mailto:info@andersabielsko.pl\">info@andersabielsko.pl<\/a><\/p>\n<p>[\/et_pb_text][\/et_pb_column][et_pb_column type=&#8221;1_4&#8243; _builder_version=&#8221;4.22.0&#8243; _module_preset=&#8221;default&#8221; global_colors_info=&#8221;{}&#8221;][\/et_pb_column][\/et_pb_row][\/et_pb_section]<\/p>\n","protected":false},"excerpt":{"rendered":"<p>Twoje miejsce w sercu miastaAndersa BielskoDZIA\u0141KA INWESTYCYJNA NA SPRZEDA\u017b \u2013 BIELSKO-BIA\u0141A, UL. ANDERSA Cena: 1 350 000 z\u0142 (ok. 580 z\u0142\/m\u00b2) Powierzchnia: 2 326 m\u00b2 Warunki zabudowy: wydane \u2013 gotowe do realizacji inwestycji, mo\u017cliwe wydanie innych warunk\u00f3w, dwa typy inwestycji by\u0142y uzgadniane na tej dzia\u0142ce. Szczeg\u00f3\u0142y w linku ! IDEALNA LOKALIZACJA DLA BIZNESU! Nieruchomo\u015b\u0107 gruntowa [&hellip;]<\/p>\n","protected":false},"author":1,"featured_media":0,"parent":0,"menu_order":0,"comment_status":"closed","ping_status":"closed","template":"","meta":{"_et_pb_use_builder":"on","_et_pb_old_content":"","_et_gb_content_width":"","footnotes":""},"class_list":["post-44","page","type-page","status-publish","hentry"],"yoast_head":"<!-- This site is optimized with the Yoast SEO plugin v27.5 - https:\/\/yoast.com\/product\/yoast-seo-wordpress\/ -->\n<title>Home - Andersa Bielsko - Nieruchomo\u015bci<\/title>\n<meta name=\"robots\" content=\"index, follow, max-snippet:-1, max-image-preview:large, max-video-preview:-1\" \/>\n<link rel=\"canonical\" href=\"https:\/\/andersabielsko.pl\/\" \/>\n<meta property=\"og:locale\" content=\"en_US\" \/>\n<meta property=\"og:type\" content=\"article\" \/>\n<meta property=\"og:title\" content=\"Home - Andersa Bielsko - Nieruchomo\u015bci\" \/>\n<meta property=\"og:description\" content=\"Twoje miejsce w sercu miastaAndersa BielskoDZIA\u0141KA INWESTYCYJNA NA SPRZEDA\u017b \u2013 BIELSKO-BIA\u0141A, UL. ANDERSA Cena: 1 350 000 z\u0142 (ok. 580 z\u0142\/m\u00b2) Powierzchnia: 2 326 m\u00b2 Warunki zabudowy: wydane \u2013 gotowe do realizacji inwestycji, mo\u017cliwe wydanie innych warunk\u00f3w, dwa typy inwestycji by\u0142y uzgadniane na tej dzia\u0142ce. Szczeg\u00f3\u0142y w linku ! IDEALNA LOKALIZACJA DLA BIZNESU! Nieruchomo\u015b\u0107 gruntowa [&hellip;]\" \/>\n<meta property=\"og:url\" content=\"https:\/\/andersabielsko.pl\/\" \/>\n<meta property=\"og:site_name\" content=\"Andersa Bielsko - Nieruchomo\u015bci\" \/>\n<meta property=\"article:modified_time\" content=\"2025-05-27T08:04:50+00:00\" \/>\n<meta name=\"twitter:card\" content=\"summary_large_image\" \/>\n<meta name=\"twitter:label1\" content=\"Est. reading time\" \/>\n\t<meta name=\"twitter:data1\" content=\"9 minutes\" \/>\n<script type=\"application\/ld+json\" class=\"yoast-schema-graph\">{\"@context\":\"https:\\\/\\\/schema.org\",\"@graph\":[{\"@type\":\"WebPage\",\"@id\":\"https:\\\/\\\/andersabielsko.pl\\\/\",\"url\":\"https:\\\/\\\/andersabielsko.pl\\\/\",\"name\":\"Home - Andersa Bielsko - Nieruchomo\u015bci\",\"isPartOf\":{\"@id\":\"https:\\\/\\\/andersabielsko.pl\\\/#website\"},\"datePublished\":\"2023-12-27T09:57:45+00:00\",\"dateModified\":\"2025-05-27T08:04:50+00:00\",\"breadcrumb\":{\"@id\":\"https:\\\/\\\/andersabielsko.pl\\\/#breadcrumb\"},\"inLanguage\":\"en-US\",\"potentialAction\":[{\"@type\":\"ReadAction\",\"target\":[\"https:\\\/\\\/andersabielsko.pl\\\/\"]}]},{\"@type\":\"BreadcrumbList\",\"@id\":\"https:\\\/\\\/andersabielsko.pl\\\/#breadcrumb\",\"itemListElement\":[{\"@type\":\"ListItem\",\"position\":1,\"name\":\"Home\",\"item\":\"https:\\\/\\\/andersabielsko.pl\\\/\"},{\"@type\":\"ListItem\",\"position\":2,\"name\":\"Home\"}]},{\"@type\":\"WebSite\",\"@id\":\"https:\\\/\\\/andersabielsko.pl\\\/#website\",\"url\":\"https:\\\/\\\/andersabielsko.pl\\\/\",\"name\":\"Andersa Bielsko - Nieruchomo\u015bci\",\"description\":\"\",\"potentialAction\":[{\"@type\":\"SearchAction\",\"target\":{\"@type\":\"EntryPoint\",\"urlTemplate\":\"https:\\\/\\\/andersabielsko.pl\\\/?s={search_term_string}\"},\"query-input\":{\"@type\":\"PropertyValueSpecification\",\"valueRequired\":true,\"valueName\":\"search_term_string\"}}],\"inLanguage\":\"en-US\"}]}<\/script>\n<!-- \/ Yoast SEO plugin. -->","yoast_head_json":{"title":"Home - Andersa Bielsko - Nieruchomo\u015bci","robots":{"index":"index","follow":"follow","max-snippet":"max-snippet:-1","max-image-preview":"max-image-preview:large","max-video-preview":"max-video-preview:-1"},"canonical":"https:\/\/andersabielsko.pl\/","og_locale":"en_US","og_type":"article","og_title":"Home - Andersa Bielsko - Nieruchomo\u015bci","og_description":"Twoje miejsce w sercu miastaAndersa BielskoDZIA\u0141KA INWESTYCYJNA NA SPRZEDA\u017b \u2013 BIELSKO-BIA\u0141A, UL. ANDERSA Cena: 1 350 000 z\u0142 (ok. 580 z\u0142\/m\u00b2) Powierzchnia: 2 326 m\u00b2 Warunki zabudowy: wydane \u2013 gotowe do realizacji inwestycji, mo\u017cliwe wydanie innych warunk\u00f3w, dwa typy inwestycji by\u0142y uzgadniane na tej dzia\u0142ce. Szczeg\u00f3\u0142y w linku ! IDEALNA LOKALIZACJA DLA BIZNESU! Nieruchomo\u015b\u0107 gruntowa [&hellip;]","og_url":"https:\/\/andersabielsko.pl\/","og_site_name":"Andersa Bielsko - Nieruchomo\u015bci","article_modified_time":"2025-05-27T08:04:50+00:00","twitter_card":"summary_large_image","twitter_misc":{"Est. reading time":"9 minutes"},"schema":{"@context":"https:\/\/schema.org","@graph":[{"@type":"WebPage","@id":"https:\/\/andersabielsko.pl\/","url":"https:\/\/andersabielsko.pl\/","name":"Home - Andersa Bielsko - Nieruchomo\u015bci","isPartOf":{"@id":"https:\/\/andersabielsko.pl\/#website"},"datePublished":"2023-12-27T09:57:45+00:00","dateModified":"2025-05-27T08:04:50+00:00","breadcrumb":{"@id":"https:\/\/andersabielsko.pl\/#breadcrumb"},"inLanguage":"en-US","potentialAction":[{"@type":"ReadAction","target":["https:\/\/andersabielsko.pl\/"]}]},{"@type":"BreadcrumbList","@id":"https:\/\/andersabielsko.pl\/#breadcrumb","itemListElement":[{"@type":"ListItem","position":1,"name":"Home","item":"https:\/\/andersabielsko.pl\/"},{"@type":"ListItem","position":2,"name":"Home"}]},{"@type":"WebSite","@id":"https:\/\/andersabielsko.pl\/#website","url":"https:\/\/andersabielsko.pl\/","name":"Andersa Bielsko - Nieruchomo\u015bci","description":"","potentialAction":[{"@type":"SearchAction","target":{"@type":"EntryPoint","urlTemplate":"https:\/\/andersabielsko.pl\/?s={search_term_string}"},"query-input":{"@type":"PropertyValueSpecification","valueRequired":true,"valueName":"search_term_string"}}],"inLanguage":"en-US"}]}},"_links":{"self":[{"href":"https:\/\/andersabielsko.pl\/index.php?rest_route=\/wp\/v2\/pages\/44","targetHints":{"allow":["GET"]}}],"collection":[{"href":"https:\/\/andersabielsko.pl\/index.php?rest_route=\/wp\/v2\/pages"}],"about":[{"href":"https:\/\/andersabielsko.pl\/index.php?rest_route=\/wp\/v2\/types\/page"}],"author":[{"embeddable":true,"href":"https:\/\/andersabielsko.pl\/index.php?rest_route=\/wp\/v2\/users\/1"}],"replies":[{"embeddable":true,"href":"https:\/\/andersabielsko.pl\/index.php?rest_route=%2Fwp%2Fv2%2Fcomments&post=44"}],"version-history":[{"count":29,"href":"https:\/\/andersabielsko.pl\/index.php?rest_route=\/wp\/v2\/pages\/44\/revisions"}],"predecessor-version":[{"id":137,"href":"https:\/\/andersabielsko.pl\/index.php?rest_route=\/wp\/v2\/pages\/44\/revisions\/137"}],"wp:attachment":[{"href":"https:\/\/andersabielsko.pl\/index.php?rest_route=%2Fwp%2Fv2%2Fmedia&parent=44"}],"curies":[{"name":"wp","href":"https:\/\/api.w.org\/{rel}","templated":true}]}}